{"id":1693,"date":"2023-01-26T10:30:28","date_gmt":"2023-01-26T09:30:28","guid":{"rendered":"https:\/\/www.camping-lechampneuf.com\/umgebung\/"},"modified":"2023-03-16T09:50:10","modified_gmt":"2023-03-16T08:50:10","slug":"umgebung","status":"publish","type":"page","link":"https:\/\/www.camping-lechampneuf.com\/de\/umgebung\/","title":{"rendered":"Umgebung"},"content":{"rendered":"\n<div class=\"wp-block-cover alignfull is-light banniere-logo deco--vague\"><span aria-hidden=\"true\" class=\"has-background-dim-0 wp-block-cover__gradient-background has-background-dim\"><\/span><img width=\"2000\" height=\"859\" class=\"wp-block-cover__image-background wp-image-1103\" alt=\"\" src=\"https:\/\/www.camping-lechampneuf.com\/wp-content\/uploads\/2023\/01\/parc-du-marquenterre-2000x859-1.jpg\" data-object-fit=\"cover\" srcset=\"https:\/\/www.camping-lechampneuf.com\/wp-content\/uploads\/2023\/01\/parc-du-marquenterre-2000x859-1.jpg 2000w, https:\/\/www.camping-lechampneuf.com\/wp-content\/uploads\/2023\/01\/parc-du-marquenterre-2000x859-1-300x129.jpg 300w, https:\/\/www.camping-lechampneuf.com\/wp-content\/uploads\/2023\/01\/parc-du-marquenterre-2000x859-1-1024x440.jpg 1024w, https:\/\/www.camping-lechampneuf.com\/wp-content\/uploads\/2023\/01\/parc-du-marquenterre-2000x859-1-768x330.jpg 768w, https:\/\/www.camping-lechampneuf.com\/wp-content\/uploads\/2023\/01\/parc-du-marquenterre-2000x859-1-1536x660.jpg 1536w\" sizes=\"(max-width: 2000px) 100vw, 2000px\" \/><div class=\"wp-block-cover__inner-container\">\n<p class=\"has-text-align-center has-large-font-size\"><\/p>\n<\/div><\/div>\n\n\n\n<div class=\"wp-block-columns B-20 B-20-b\">\n<div class=\"wp-block-column is-vertically-aligned-center\" style=\"flex-basis:60%\">\n<h1 class=\"has-text-align-right h2\" id=\"camping-baie-de-somme-visiter-la-region\">Camping Baie de Somme: Besuchen Sie die Region<\/h1>\n\n\n\n<figure class=\"wp-block-gallery has-nested-images columns-default is-cropped diaporama--2\">\n<figure class=\"wp-block-image size-large\"><img width=\"1920\" height=\"1080\" src=\"https:\/\/www.camping-lechampneuf.com\/wp-content\/uploads\/2023\/01\/velos.jpg\" alt=\"\" class=\"wp-image-598\" srcset=\"https:\/\/www.camping-lechampneuf.com\/wp-content\/uploads\/2023\/01\/velos.jpg 1920w, https:\/\/www.camping-lechampneuf.com\/wp-content\/uploads\/2023\/01\/velos-300x169.jpg 300w, https:\/\/www.camping-lechampneuf.com\/wp-content\/uploads\/2023\/01\/velos-1024x576.jpg 1024w, https:\/\/www.camping-lechampneuf.com\/wp-content\/uploads\/2023\/01\/velos-768x432.jpg 768w, https:\/\/www.camping-lechampneuf.com\/wp-content\/uploads\/2023\/01\/velos-1536x864.jpg 1536w\" sizes=\"(max-width: 1920px) 100vw, 1920px\" \/><\/figure>\n\n\n\n<figure class=\"wp-block-image size-large\"><img width=\"1920\" height=\"1080\" src=\"https:\/\/www.camping-lechampneuf.com\/wp-content\/uploads\/2023\/01\/vlcsnap-2017-12-13-13h25m22s192.jpg\" alt=\"\" class=\"wp-image-602\" srcset=\"https:\/\/www.camping-lechampneuf.com\/wp-content\/uploads\/2023\/01\/vlcsnap-2017-12-13-13h25m22s192.jpg 1920w, https:\/\/www.camping-lechampneuf.com\/wp-content\/uploads\/2023\/01\/vlcsnap-2017-12-13-13h25m22s192-300x169.jpg 300w, https:\/\/www.camping-lechampneuf.com\/wp-content\/uploads\/2023\/01\/vlcsnap-2017-12-13-13h25m22s192-1024x576.jpg 1024w, https:\/\/www.camping-lechampneuf.com\/wp-content\/uploads\/2023\/01\/vlcsnap-2017-12-13-13h25m22s192-768x432.jpg 768w, https:\/\/www.camping-lechampneuf.com\/wp-content\/uploads\/2023\/01\/vlcsnap-2017-12-13-13h25m22s192-1536x864.jpg 1536w\" sizes=\"(max-width: 1920px) 100vw, 1920px\" \/><\/figure>\n\n\n\n<figure class=\"wp-block-image size-full\"><img width=\"380\" height=\"395\" src=\"https:\/\/www.camping-lechampneuf.com\/wp-content\/uploads\/2023\/01\/elevage-henson-380x395-1.jpg\" alt=\"\" class=\"wp-image-1107\" srcset=\"https:\/\/www.camping-lechampneuf.com\/wp-content\/uploads\/2023\/01\/elevage-henson-380x395-1.jpg 380w, https:\/\/www.camping-lechampneuf.com\/wp-content\/uploads\/2023\/01\/elevage-henson-380x395-1-289x300.jpg 289w\" sizes=\"(max-width: 380px) 100vw, 380px\" \/><\/figure>\n\n\n\n<figure class=\"wp-block-image size-large\"><img width=\"1280\" height=\"1920\" src=\"https:\/\/www.camping-lechampneuf.com\/wp-content\/uploads\/2023\/01\/pexels-tima-miroshnichenko-5928322.jpg\" alt=\"\" class=\"wp-image-1118\" srcset=\"https:\/\/www.camping-lechampneuf.com\/wp-content\/uploads\/2023\/01\/pexels-tima-miroshnichenko-5928322.jpg 1280w, https:\/\/www.camping-lechampneuf.com\/wp-content\/uploads\/2023\/01\/pexels-tima-miroshnichenko-5928322-200x300.jpg 200w, https:\/\/www.camping-lechampneuf.com\/wp-content\/uploads\/2023\/01\/pexels-tima-miroshnichenko-5928322-683x1024.jpg 683w, https:\/\/www.camping-lechampneuf.com\/wp-content\/uploads\/2023\/01\/pexels-tima-miroshnichenko-5928322-768x1152.jpg 768w, https:\/\/www.camping-lechampneuf.com\/wp-content\/uploads\/2023\/01\/pexels-tima-miroshnichenko-5928322-1024x1536.jpg 1024w\" sizes=\"(max-width: 1280px) 100vw, 1280px\" \/><\/figure>\n\n\n\n<figure class=\"wp-block-image size-large\"><img width=\"1280\" height=\"853\" src=\"https:\/\/www.camping-lechampneuf.com\/wp-content\/uploads\/2023\/01\/pexels-mael-balland-13622604.jpg\" alt=\"\" class=\"wp-image-1114\" srcset=\"https:\/\/www.camping-lechampneuf.com\/wp-content\/uploads\/2023\/01\/pexels-mael-balland-13622604.jpg 1280w, https:\/\/www.camping-lechampneuf.com\/wp-content\/uploads\/2023\/01\/pexels-mael-balland-13622604-300x200.jpg 300w, https:\/\/www.camping-lechampneuf.com\/wp-content\/uploads\/2023\/01\/pexels-mael-balland-13622604-1024x682.jpg 1024w, https:\/\/www.camping-lechampneuf.com\/wp-content\/uploads\/2023\/01\/pexels-mael-balland-13622604-768x512.jpg 768w\" sizes=\"(max-width: 1280px) 100vw, 1280px\" \/><\/figure>\n\n\n\n<figure class=\"wp-block-image size-large\"><img width=\"1280\" height=\"1920\" src=\"https:\/\/www.camping-lechampneuf.com\/wp-content\/uploads\/2023\/01\/pexels-oliver-sjostrom-1056497.jpg\" alt=\"\" class=\"wp-image-1111\" srcset=\"https:\/\/www.camping-lechampneuf.com\/wp-content\/uploads\/2023\/01\/pexels-oliver-sjostrom-1056497.jpg 1280w, https:\/\/www.camping-lechampneuf.com\/wp-content\/uploads\/2023\/01\/pexels-oliver-sjostrom-1056497-200x300.jpg 200w, https:\/\/www.camping-lechampneuf.com\/wp-content\/uploads\/2023\/01\/pexels-oliver-sjostrom-1056497-683x1024.jpg 683w, https:\/\/www.camping-lechampneuf.com\/wp-content\/uploads\/2023\/01\/pexels-oliver-sjostrom-1056497-768x1152.jpg 768w, https:\/\/www.camping-lechampneuf.com\/wp-content\/uploads\/2023\/01\/pexels-oliver-sjostrom-1056497-1024x1536.jpg 1024w\" sizes=\"(max-width: 1280px) 100vw, 1280px\" \/><\/figure>\n<\/figure>\n<\/div>\n\n\n\n<div class=\"wp-block-column mob--order\">\n<p class=\"has-text-align-center titre\">Abmeldung<\/p>\n\n\n\n<h2 class=\"h1\" id=\"decouvrir-les-lieux-immanquables-lors-d-un-sejour-au-camping-en-baie-de-somme\">Entdecken Sie die Orte, die Sie bei einem Campingurlaub in der Baie de Somme nicht verpassen sollten<\/h2>\n\n\n\n<h3 id=\"le-parc-du-marquenterre\">Der Park von Marquenterre<\/h3>\n\n\n\n<p>Die <strong>Somme-Bucht<\/strong> ist eines der gro\u00dfen Durchzugsgebiete f\u00fcr Zugv\u00f6gel in Frankreich. Wasserfl\u00e4chen, S\u00fcmpfe, D\u00fcnen und Salzwiesen bilden diese Landschaft zwischen Land und Wasser.  <\/p>\n\n\n\n<div class=\"wp-block-group lire-plus-mobile\"><div class=\"wp-block-group__inner-container\">\n<p>Lesen Sie mehr<\/p>\n\n\n\n<div class=\"wp-container-69f41128845d2 wp-block-group\"><div class=\"wp-block-group__inner-container\">\n<p>Im Herzen des Naturschutzgebiets <strong>der Baie de Somme<\/strong> bietet Ihnen der <strong>Parc du Marquenterre<\/strong> einen privilegierten Raum, in dem Mensch und Natur aufeinandertreffen. Bei einem Aufenthalt auf dem <strong>Campingplatz in der Baie de Somme<\/strong> werden Sie von dieser Hochburg des Vogelzugs, der die Kontinente von Europa bis Afrika \u00fcberquert, begeistert sein. Der <a href=\"https:\/\/www.camping-lechampneuf.com\/de\/\" data-type=\"page\" data-id=\"5\">Campingplatz Le Champ Neuf<\/a> liegt nur<strong> 900 Meter<\/strong> vom <a href=\"https:\/\/www.camping-lechampneuf.com\/de\/alentours\/park-von-marquenterre\/\" data-type=\"alentours\" data-id=\"1074\">Parc Ornithologique du Marquenterre<\/a> entfernt. Damit bieten sich den Besuchern <strong>sch\u00f6ne Spazierg\u00e4nge<\/strong> in der N\u00e4he an!<\/p>\n<\/div><\/div>\n<\/div><\/div>\n<\/div>\n<\/div>\n\n\n\r\n<section id=\"fc-alentours\" class=\"wp-block-columns\">\r\n\r\n  <div id=\"listing-alentours\" class=\"wp-block-column\">\r\n    \r\n    <div class=\"filtres\">\r\n      <div>\r\n        <input id=\"all\" name=\"filter\" type=\"radio\" class=\"all-input\" checked=\"checked\" \/>\r\n        <label for=\"all\" class=\"all-label\">Alle Umgebungen<\/label>\r\n      <\/div>\r\n      <div><input id=\"aktivitaten\" name=\"filter\" type=\"radio\" \/><label for=\"aktivitaten\">Aktivit\u00e4ten<\/label><\/div><div><input id=\"entdeckung\" name=\"filter\" type=\"radio\" \/><label for=\"entdeckung\">Entdeckung<\/label><\/div>      <input type='hidden' id='current_page'\/>\r\n      <input type='hidden' id='show_per_page'\/>\r\n    <\/div>\r\n\r\n    <div id=\"listing\">\r\n              <article class=\"lieu-alentour currentCat visuel\" data-cat=\"aktivitaten\" data-slug=\"maison-de-la-baie-de-somme-et-de-loiseau-haus-der-somme-bucht-und-des-vogels\" data-icone=\"\" data-couleur=\"\" data-latitude=\"50.1956407\" data-longitude=\"1.5576512\">\r\n          <div class=\"texte-lieu\">\r\n            <p class=\"categorie-lieu\">\r\n              <i class=\"fas fa-map-marker-alt sa\"><\/i>Aktivit\u00e4ten            <\/p>\r\n            <p class=\"titre-lieu\">Maison de la Baie de Somme et de l&#8217;Oiseau (Haus der Somme-Bucht und des Vogels)<\/p>\r\n          <\/div>\r\n          <img width=\"711\" height=\"400\" src=\"https:\/\/www.camping-lechampneuf.com\/wp-content\/uploads\/2023\/01\/Visite_immersive_-_Maison_de_la_Baie_de_Somme.webp\" class=\"attachment-large size-large\" alt=\"Visite immersive de la maison de la Baie de Somme\" srcset=\"https:\/\/www.camping-lechampneuf.com\/wp-content\/uploads\/2023\/01\/Visite_immersive_-_Maison_de_la_Baie_de_Somme.webp 711w, https:\/\/www.camping-lechampneuf.com\/wp-content\/uploads\/2023\/01\/Visite_immersive_-_Maison_de_la_Baie_de_Somme-300x169.webp 300w\" sizes=\"(max-width: 711px) 100vw, 711px\" \/>        <\/article>\r\n              <article class=\"lieu-alentour currentCat visuel\" data-cat=\"aktivitaten\" data-slug=\"picarvie-museum\" data-icone=\"\" data-couleur=\"\" data-latitude=\"50.1866425\" data-longitude=\"1.6370394\">\r\n          <div class=\"texte-lieu\">\r\n            <p class=\"categorie-lieu\">\r\n              <i class=\"fas fa-map-marker-alt sa\"><\/i>Aktivit\u00e4ten            <\/p>\r\n            <p class=\"titre-lieu\">Picarvie-Museum<\/p>\r\n          <\/div>\r\n          <img width=\"1024\" height=\"906\" src=\"https:\/\/www.camping-lechampneuf.com\/wp-content\/uploads\/2023\/01\/1024px-Saint-Valery_Somme_musee_Picarvie.jpg\" class=\"attachment-large size-large\" alt=\"\" srcset=\"https:\/\/www.camping-lechampneuf.com\/wp-content\/uploads\/2023\/01\/1024px-Saint-Valery_Somme_musee_Picarvie.jpg 1024w, https:\/\/www.camping-lechampneuf.com\/wp-content\/uploads\/2023\/01\/1024px-Saint-Valery_Somme_musee_Picarvie-300x265.jpg 300w, https:\/\/www.camping-lechampneuf.com\/wp-content\/uploads\/2023\/01\/1024px-Saint-Valery_Somme_musee_Picarvie-768x680.jpg 768w\" sizes=\"(max-width: 1024px) 100vw, 1024px\" \/>        <\/article>\r\n              <article class=\"lieu-alentour currentCat visuel\" data-cat=\"aktivitaten\" data-slug=\"golf-de-belle-dune\" data-icone=\"\" data-couleur=\"\" data-latitude=\"50.3302832\" data-longitude=\"1.5646075\">\r\n          <div class=\"texte-lieu\">\r\n            <p class=\"categorie-lieu\">\r\n              <i class=\"fas fa-map-marker-alt sa\"><\/i>Aktivit\u00e4ten            <\/p>\r\n            <p class=\"titre-lieu\">Golf de Belle Dune<\/p>\r\n          <\/div>\r\n          <img width=\"1024\" height=\"682\" src=\"https:\/\/www.camping-lechampneuf.com\/wp-content\/uploads\/2023\/01\/Golf-de-Belle-Dune-1024x682.webp\" class=\"attachment-large size-large\" alt=\"Golf de Belle Dune pr\u00e8s du Camping en Baie de Somme, le Champ Neuf, 4 \u00e9toiles\" srcset=\"https:\/\/www.camping-lechampneuf.com\/wp-content\/uploads\/2023\/01\/Golf-de-Belle-Dune-1024x682.webp 1024w, https:\/\/www.camping-lechampneuf.com\/wp-content\/uploads\/2023\/01\/Golf-de-Belle-Dune-300x200.webp 300w, https:\/\/www.camping-lechampneuf.com\/wp-content\/uploads\/2023\/01\/Golf-de-Belle-Dune-768x512.webp 768w, https:\/\/www.camping-lechampneuf.com\/wp-content\/uploads\/2023\/01\/Golf-de-Belle-Dune.webp 1280w\" sizes=\"(max-width: 1024px) 100vw, 1024px\" \/>        <\/article>\r\n              <article class=\"lieu-alentour currentCat visuel\" data-cat=\"aktivitaten\" data-slug=\"belle-dune-aquaclub\" data-icone=\"\" data-couleur=\"\" data-latitude=\"50.3302832\" data-longitude=\"1.5646075\">\r\n          <div class=\"texte-lieu\">\r\n            <p class=\"categorie-lieu\">\r\n              <i class=\"fas fa-map-marker-alt sa\"><\/i>Aktivit\u00e4ten            <\/p>\r\n            <p class=\"titre-lieu\">Belle Dune Aquaclub<\/p>\r\n          <\/div>\r\n          <img width=\"1024\" height=\"768\" src=\"https:\/\/www.camping-lechampneuf.com\/wp-content\/uploads\/2023\/01\/pexels-kapish-mak-1361814-1-1024x768.jpg\" class=\"attachment-large size-large\" alt=\"\" srcset=\"https:\/\/www.camping-lechampneuf.com\/wp-content\/uploads\/2023\/01\/pexels-kapish-mak-1361814-1-1024x768.jpg 1024w, https:\/\/www.camping-lechampneuf.com\/wp-content\/uploads\/2023\/01\/pexels-kapish-mak-1361814-1-300x225.jpg 300w, https:\/\/www.camping-lechampneuf.com\/wp-content\/uploads\/2023\/01\/pexels-kapish-mak-1361814-1-768x576.jpg 768w, https:\/\/www.camping-lechampneuf.com\/wp-content\/uploads\/2023\/01\/pexels-kapish-mak-1361814-1.jpg 1280w\" sizes=\"(max-width: 1024px) 100vw, 1024px\" \/>        <\/article>\r\n              <article class=\"lieu-alentour currentCat visuel\" data-cat=\"aktivitaten\" data-slug=\"die-gaerten-von-valloires\" data-icone=\"\" data-couleur=\"\" data-latitude=\"50.3490304\" data-longitude=\"1.8198584\">\r\n          <div class=\"texte-lieu\">\r\n            <p class=\"categorie-lieu\">\r\n              <i class=\"fas fa-map-marker-alt sa\"><\/i>Aktivit\u00e4ten            <\/p>\r\n            <p class=\"titre-lieu\">Die G\u00e4rten von Valloires<\/p>\r\n          <\/div>\r\n          <img width=\"1024\" height=\"640\" src=\"https:\/\/www.camping-lechampneuf.com\/wp-content\/uploads\/2023\/01\/pexels-pixabay-158636-1024x640.jpg\" class=\"attachment-large size-large\" alt=\"\" srcset=\"https:\/\/www.camping-lechampneuf.com\/wp-content\/uploads\/2023\/01\/pexels-pixabay-158636-1024x640.jpg 1024w, https:\/\/www.camping-lechampneuf.com\/wp-content\/uploads\/2023\/01\/pexels-pixabay-158636-300x188.jpg 300w, https:\/\/www.camping-lechampneuf.com\/wp-content\/uploads\/2023\/01\/pexels-pixabay-158636-768x480.jpg 768w, https:\/\/www.camping-lechampneuf.com\/wp-content\/uploads\/2023\/01\/pexels-pixabay-158636.jpg 1280w\" sizes=\"(max-width: 1024px) 100vw, 1024px\" \/>        <\/article>\r\n              <a href=\"https:\/\/www.camping-lechampneuf.com\/de\/alentours\/campingplatz-fort-mahon-plage\/\" class=\"lieu-alentour currentCat visuel\" data-cat=\"entdeckung\" data-slug=\"campingplatz-fort-mahon-plage\" data-icone=\"\" data-couleur=\"\" data-latitude=\"50.341256\" data-longitude=\"1.568835\">\r\n          <div class=\"texte-lieu\">\r\n            <p class=\"categorie-lieu\">\r\n              <i class=\"fas fa-map-marker-alt sa\"><\/i>Entdeckung            <\/p>\r\n            <p class=\"titre-lieu\">Fort Mahon Strand<\/p>\r\n          <\/div>\r\n          <img width=\"1024\" height=\"682\" src=\"https:\/\/www.camping-lechampneuf.com\/wp-content\/uploads\/2023\/01\/Fort-Mahon-Plage-1024x682.webp\" class=\"attachment-large size-large\" alt=\"Plage pr\u00e8s du village et du Camping Fort Mahon\" srcset=\"https:\/\/www.camping-lechampneuf.com\/wp-content\/uploads\/2023\/01\/Fort-Mahon-Plage-1024x682.webp 1024w, https:\/\/www.camping-lechampneuf.com\/wp-content\/uploads\/2023\/01\/Fort-Mahon-Plage-300x200.webp 300w, https:\/\/www.camping-lechampneuf.com\/wp-content\/uploads\/2023\/01\/Fort-Mahon-Plage-768x512.webp 768w, https:\/\/www.camping-lechampneuf.com\/wp-content\/uploads\/2023\/01\/Fort-Mahon-Plage.webp 1280w\" sizes=\"(max-width: 1024px) 100vw, 1024px\" \/>        <\/a>\r\n              <a href=\"https:\/\/www.camping-lechampneuf.com\/de\/alentours\/bucht-von-authie\/\" class=\"lieu-alentour currentCat visuel\" data-cat=\"entdeckung\" data-slug=\"bucht-von-authie\" data-icone=\"\" data-couleur=\"\" data-latitude=\"50.373433\" data-longitude=\"1.562661\">\r\n          <div class=\"texte-lieu\">\r\n            <p class=\"categorie-lieu\">\r\n              <i class=\"fas fa-map-marker-alt sa\"><\/i>Entdeckung            <\/p>\r\n            <p class=\"titre-lieu\">Bucht von Authie<\/p>\r\n          <\/div>\r\n          <img width=\"640\" height=\"427\" src=\"https:\/\/www.camping-lechampneuf.com\/wp-content\/uploads\/2023\/01\/ADO_Baie-dAuthie.webp\" class=\"attachment-large size-large\" alt=\"Baie d&#039;Authie pr\u00e8s du camping Le Champ Neuf\" srcset=\"https:\/\/www.camping-lechampneuf.com\/wp-content\/uploads\/2023\/01\/ADO_Baie-dAuthie.webp 640w, https:\/\/www.camping-lechampneuf.com\/wp-content\/uploads\/2023\/01\/ADO_Baie-dAuthie-300x200.webp 300w\" sizes=\"(max-width: 640px) 100vw, 640px\" \/>        <\/a>\r\n              <a href=\"https:\/\/www.camping-lechampneuf.com\/de\/alentours\/campingplatz-in-der-naehe-von-quend-plage-baie-de-somme\/\" class=\"lieu-alentour currentCat visuel\" data-cat=\"entdeckung\" data-slug=\"campingplatz-in-der-naehe-von-quend-plage-baie-de-somme\" data-icone=\"\" data-couleur=\"\" data-latitude=\"50.3164\" data-longitude=\"1.635199\">\r\n          <div class=\"texte-lieu\">\r\n            <p class=\"categorie-lieu\">\r\n              <i class=\"fas fa-map-marker-alt sa\"><\/i>Entdeckung            <\/p>\r\n            <p class=\"titre-lieu\">Quend Plage les Pins<\/p>\r\n          <\/div>\r\n          <img width=\"1024\" height=\"683\" src=\"https:\/\/www.camping-lechampneuf.com\/wp-content\/uploads\/2023\/01\/pexels-engin-akyurt-1726417-1024x683.jpg\" class=\"attachment-large size-large\" alt=\"\" srcset=\"https:\/\/www.camping-lechampneuf.com\/wp-content\/uploads\/2023\/01\/pexels-engin-akyurt-1726417-1024x683.jpg 1024w, https:\/\/www.camping-lechampneuf.com\/wp-content\/uploads\/2023\/01\/pexels-engin-akyurt-1726417-300x200.jpg 300w, https:\/\/www.camping-lechampneuf.com\/wp-content\/uploads\/2023\/01\/pexels-engin-akyurt-1726417-768x512.jpg 768w, https:\/\/www.camping-lechampneuf.com\/wp-content\/uploads\/2023\/01\/pexels-engin-akyurt-1726417.jpg 1279w\" sizes=\"(max-width: 1024px) 100vw, 1024px\" \/>        <\/a>\r\n              <a href=\"https:\/\/www.camping-lechampneuf.com\/de\/alentours\/campingplatz-le-crotoy\/\" class=\"lieu-alentour currentCat visuel\" data-cat=\"entdeckung\" data-slug=\"campingplatz-le-crotoy\" data-icone=\"\" data-couleur=\"\" data-latitude=\"50.214728\" data-longitude=\"1.626152\">\r\n          <div class=\"texte-lieu\">\r\n            <p class=\"categorie-lieu\">\r\n              <i class=\"fas fa-map-marker-alt sa\"><\/i>Entdeckung            <\/p>\r\n            <p class=\"titre-lieu\">Le Crotoy<\/p>\r\n          <\/div>\r\n          <img width=\"1024\" height=\"575\" src=\"https:\/\/www.camping-lechampneuf.com\/wp-content\/uploads\/2023\/01\/Plage-Camping-Le-Crotoy-1024x575.webp\" class=\"attachment-large size-large\" alt=\"Plage proche du camping Le Crotoy, Le Champ neuf\" srcset=\"https:\/\/www.camping-lechampneuf.com\/wp-content\/uploads\/2023\/01\/Plage-Camping-Le-Crotoy-1024x575.webp 1024w, https:\/\/www.camping-lechampneuf.com\/wp-content\/uploads\/2023\/01\/Plage-Camping-Le-Crotoy-300x169.webp 300w, https:\/\/www.camping-lechampneuf.com\/wp-content\/uploads\/2023\/01\/Plage-Camping-Le-Crotoy-768x431.webp 768w, https:\/\/www.camping-lechampneuf.com\/wp-content\/uploads\/2023\/01\/Plage-Camping-Le-Crotoy.webp 1280w\" sizes=\"(max-width: 1024px) 100vw, 1024px\" \/>        <\/a>\r\n              <a href=\"https:\/\/www.camping-lechampneuf.com\/de\/alentours\/campingplatz-saint-valery-sur-somme\/\" class=\"lieu-alentour currentCat visuel\" data-cat=\"entdeckung\" data-slug=\"campingplatz-saint-valery-sur-somme\" data-icone=\"\" data-couleur=\"\" data-latitude=\"50.188648\" data-longitude=\"1.6296949\">\r\n          <div class=\"texte-lieu\">\r\n            <p class=\"categorie-lieu\">\r\n              <i class=\"fas fa-map-marker-alt sa\"><\/i>Entdeckung            <\/p>\r\n            <p class=\"titre-lieu\">Saint-Val\u00e9ry-sur-Somme<\/p>\r\n          <\/div>\r\n          <img width=\"800\" height=\"642\" src=\"https:\/\/www.camping-lechampneuf.com\/wp-content\/uploads\/2023\/01\/ADO_Saint-Valery-sur-Somme.webp\" class=\"attachment-large size-large\" alt=\"Ruelle de Saint-Val\u00e9ry-sur-Somme\" srcset=\"https:\/\/www.camping-lechampneuf.com\/wp-content\/uploads\/2023\/01\/ADO_Saint-Valery-sur-Somme.webp 800w, https:\/\/www.camping-lechampneuf.com\/wp-content\/uploads\/2023\/01\/ADO_Saint-Valery-sur-Somme-300x241.webp 300w, https:\/\/www.camping-lechampneuf.com\/wp-content\/uploads\/2023\/01\/ADO_Saint-Valery-sur-Somme-768x616.webp 768w\" sizes=\"(max-width: 800px) 100vw, 800px\" \/>        <\/a>\r\n              <a href=\"https:\/\/www.camping-lechampneuf.com\/de\/alentours\/park-von-marquenterre\/\" class=\"lieu-alentour currentCat visuel\" data-cat=\"entdeckung\" data-slug=\"park-von-marquenterre\" data-icone=\"\" data-couleur=\"\" data-latitude=\"50.263653\" data-longitude=\"1.5857065\">\r\n          <div class=\"texte-lieu\">\r\n            <p class=\"categorie-lieu\">\r\n              <i class=\"fas fa-map-marker-alt sa\"><\/i>Entdeckung            <\/p>\r\n            <p class=\"titre-lieu\">Park von Marquenterre<\/p>\r\n          <\/div>\r\n          <img width=\"1024\" height=\"682\" src=\"https:\/\/www.camping-lechampneuf.com\/wp-content\/uploads\/2023\/01\/pexels-diego-madrigal-3660658-1024x682.jpg\" class=\"attachment-large size-large\" alt=\"\" srcset=\"https:\/\/www.camping-lechampneuf.com\/wp-content\/uploads\/2023\/01\/pexels-diego-madrigal-3660658-1024x682.jpg 1024w, https:\/\/www.camping-lechampneuf.com\/wp-content\/uploads\/2023\/01\/pexels-diego-madrigal-3660658-300x200.jpg 300w, https:\/\/www.camping-lechampneuf.com\/wp-content\/uploads\/2023\/01\/pexels-diego-madrigal-3660658-768x512.jpg 768w, https:\/\/www.camping-lechampneuf.com\/wp-content\/uploads\/2023\/01\/pexels-diego-madrigal-3660658.jpg 1280w\" sizes=\"(max-width: 1024px) 100vw, 1024px\" \/>        <\/a>\r\n              <a href=\"https:\/\/www.camping-lechampneuf.com\/de\/alentours\/eisenbahn-der-somme-bucht\/\" class=\"lieu-alentour currentCat visuel\" data-cat=\"entdeckung\" data-slug=\"eisenbahn-der-somme-bucht\" data-icone=\"\" data-couleur=\"\" data-latitude=\"50.188648\" data-longitude=\"1.6296949\">\r\n          <div class=\"texte-lieu\">\r\n            <p class=\"categorie-lieu\">\r\n              <i class=\"fas fa-map-marker-alt sa\"><\/i>Entdeckung            <\/p>\r\n            <p class=\"titre-lieu\">Eisenbahn der Somme-Bucht<\/p>\r\n          <\/div>\r\n          <img width=\"700\" height=\"463\" src=\"https:\/\/www.camping-lechampneuf.com\/wp-content\/uploads\/2023\/01\/train-2004095_1920.webp\" class=\"attachment-large size-large\" alt=\"Train du chemin de fer de la Baie de Somme \u00e0 proximit\u00e9 du camping Le Champ Neuf\" srcset=\"https:\/\/www.camping-lechampneuf.com\/wp-content\/uploads\/2023\/01\/train-2004095_1920.webp 700w, https:\/\/www.camping-lechampneuf.com\/wp-content\/uploads\/2023\/01\/train-2004095_1920-300x198.webp 300w\" sizes=\"(max-width: 700px) 100vw, 700px\" \/>        <\/a>\r\n              <article class=\"lieu-alentour currentCat visuel\" data-cat=\"camping-de\" data-slug=\"campingplatz-le-champ-neuf\" data-icone=\"\" data-couleur=\"\" data-latitude=\"50.2687242\" data-longitude=\"1.6021109\">\r\n          <div class=\"texte-lieu\">\r\n            <p class=\"categorie-lieu\">\r\n              <i class=\"fas fa-map-marker-alt sa\"><\/i>camping            <\/p>\r\n            <p class=\"titre-lieu\">Campingplatz Le Champ Neuf<\/p>\r\n          <\/div>\r\n          <img width=\"986\" height=\"660\" src=\"https:\/\/www.camping-lechampneuf.com\/wp-content\/uploads\/2023\/01\/tibo_2011_58421.jpg\" class=\"attachment-large size-large\" alt=\"\" srcset=\"https:\/\/www.camping-lechampneuf.com\/wp-content\/uploads\/2023\/01\/tibo_2011_58421.jpg 986w, https:\/\/www.camping-lechampneuf.com\/wp-content\/uploads\/2023\/01\/tibo_2011_58421-300x201.jpg 300w, https:\/\/www.camping-lechampneuf.com\/wp-content\/uploads\/2023\/01\/tibo_2011_58421-768x514.jpg 768w\" sizes=\"(max-width: 986px) 100vw, 986px\" \/>        <\/article>\r\n          <\/div>\r\n    <div id='page_navigation'><\/div>\r\n  <\/div>\r\n\r\n  <div id=\"map-alentours\" class=\"wp-block-column\">\r\n    <div id=\"map\"><\/div>\r\n  <\/div>\r\n\r\n<\/section>\r\n\r\n\n\n\n<div class=\"wp-block-columns alignfull B-20 deco--vague-2 has-bleu-clair-background-color has-background\">\n<div class=\"wp-block-column\">\n<p class=\"has-text-align-center titre\">unvergesslich<\/p>\n\n\n\n<h3 class=\"h1\" id=\"les-stations-balneaires-de-la-baie-de-somme\">Die Badeorte der Baie de Somme<\/h3>\n\n\n\n<p>Von den Klippen bis zu den Kieselsteinen, von der Baie de Somme bis zu den langen Sandstr\u00e4nden &#8211; an M\u00f6glichkeiten, die <strong>Badeorte der Baie de Somme<\/strong> zu besuchen, mangelt es nicht! Jede von ihnen hat \u00fcbrigens ihre eigenen St\u00e4rken:<\/p>\n\n\n\n<div class=\"wp-block-group lire-plus-mobile\"><div class=\"wp-block-group__inner-container\">\n<p>Lesen Sie mehr<\/p>\n\n\n\n<div class=\"wp-container-69f41128931da wp-block-group\"><div class=\"wp-block-group__inner-container\">\n<ul><li><strong>Mers-les-Bains<\/strong> und <strong>Ault<\/strong>: Wunder der Belle-Epoque-Architektur ;<\/li><li><strong>Cayeux-sur-Mer<\/strong>: Die Bretterwege und seine Strandh\u00fctten ;<\/li><li>Die mittelalterliche Stadt <a href=\"https:\/\/www.camping-lechampneuf.com\/de\/alentours\/campingplatz-saint-valery-sur-somme\/\" data-type=\"alentours\" data-id=\"1069\">Saint-Val\u00e9ry-sur-Somme<\/a>;<\/li><li>Der kleine Fischerhafen von Le <a href=\"https:\/\/www.camping-lechampneuf.com\/de\/alentours\/campingplatz-le-crotoy\/\" data-type=\"alentours\" data-id=\"1064\">Crotoy ;<\/a><\/li><li>D\u00fcnen und Kiefernwald in <a href=\"https:\/\/www.camping-lechampneuf.com\/de\/alentours\/campingplatz-in-der-naehe-von-quend-plage-baie-de-somme\/\" data-type=\"alentours\" data-id=\"1059\">Quend-Plage-les-Pins<\/a> und <a href=\"https:\/\/www.camping-lechampneuf.com\/de\/alentours\/campingplatz-fort-mahon-plage\/\" data-type=\"alentours\" data-id=\"1045\">Fort-Mahon-Plage<\/a><\/li><\/ul>\n\n\n\n<p>In der Baie de Somme gibt es zwei Niedrigwasser und zwei Hochwasser pro Tag. Zwischen den beiden Untermeeren liegen etwa 12 Stunden.<br>Zu Fu\u00df, zu Pferd, mit dem Fahrrad, im Kanu oder mit dem Strandsegler: Entdecken Sie alle M\u00f6glichkeiten, in <strong>der Baie de Somme Aktivit\u00e4ten in der freien Natur <\/strong> auszu\u00fcben! Je nach Lust und Laune k\u00f6nnen Sie auch<strong>Baumklettern<\/strong>, <strong>Angeln<\/strong>&#8230;<\/p>\n<\/div><\/div>\n<\/div><\/div>\n<\/div>\n\n\n\n<div class=\"wp-block-column is-vertically-aligned-center\" style=\"flex-basis:60%\">\n<figure class=\"wp-block-gallery has-nested-images columns-5 is-cropped diaporama--2\">\n<figure class=\"wp-block-image size-large\"><img width=\"1024\" height=\"683\" src=\"https:\/\/www.camping-lechampneuf.com\/wp-content\/uploads\/2023\/01\/dunes-en-baie-de-somme-1024x683.jpg\" alt=\"\" class=\"wp-image-683\" srcset=\"https:\/\/www.camping-lechampneuf.com\/wp-content\/uploads\/2023\/01\/dunes-en-baie-de-somme-1024x683.jpg 1024w, https:\/\/www.camping-lechampneuf.com\/wp-content\/uploads\/2023\/01\/dunes-en-baie-de-somme-300x200.jpg 300w, https:\/\/www.camping-lechampneuf.com\/wp-content\/uploads\/2023\/01\/dunes-en-baie-de-somme-768x512.jpg 768w, https:\/\/www.camping-lechampneuf.com\/wp-content\/uploads\/2023\/01\/dunes-en-baie-de-somme.jpg 1400w\" sizes=\"(max-width: 1024px) 100vw, 1024px\" \/><\/figure>\n\n\n\n<figure class=\"wp-block-image size-full\"><img width=\"1000\" height=\"527\" src=\"https:\/\/www.camping-lechampneuf.com\/wp-content\/uploads\/2023\/01\/campinglechampneuf-saintquentinentourmont-gitesdumarquenterre.jpg\" alt=\"\" class=\"wp-image-687\" srcset=\"https:\/\/www.camping-lechampneuf.com\/wp-content\/uploads\/2023\/01\/campinglechampneuf-saintquentinentourmont-gitesdumarquenterre.jpg 1000w, https:\/\/www.camping-lechampneuf.com\/wp-content\/uploads\/2023\/01\/campinglechampneuf-saintquentinentourmont-gitesdumarquenterre-300x158.jpg 300w, https:\/\/www.camping-lechampneuf.com\/wp-content\/uploads\/2023\/01\/campinglechampneuf-saintquentinentourmont-gitesdumarquenterre-768x405.jpg 768w\" sizes=\"(max-width: 1000px) 100vw, 1000px\" \/><\/figure>\n\n\n\n<figure class=\"wp-block-image size-full\"><img width=\"1024\" height=\"440\" src=\"https:\/\/www.camping-lechampneuf.com\/wp-content\/uploads\/2023\/01\/parc-du-marquenterre-1024x440-1.jpg\" alt=\"\" class=\"wp-image-695\" srcset=\"https:\/\/www.camping-lechampneuf.com\/wp-content\/uploads\/2023\/01\/parc-du-marquenterre-1024x440-1.jpg 1024w, https:\/\/www.camping-lechampneuf.com\/wp-content\/uploads\/2023\/01\/parc-du-marquenterre-1024x440-1-300x129.jpg 300w, https:\/\/www.camping-lechampneuf.com\/wp-content\/uploads\/2023\/01\/parc-du-marquenterre-1024x440-1-768x330.jpg 768w\" sizes=\"(max-width: 1024px) 100vw, 1024px\" \/><\/figure>\n\n\n\n<figure class=\"wp-block-image size-full\"><img width=\"1656\" height=\"1242\" src=\"https:\/\/www.camping-lechampneuf.com\/wp-content\/uploads\/2023\/01\/photo30029_vue_densemble_au_parc_du_marquenterre.jpg\" alt=\"\" class=\"wp-image-1079\" srcset=\"https:\/\/www.camping-lechampneuf.com\/wp-content\/uploads\/2023\/01\/photo30029_vue_densemble_au_parc_du_marquenterre.jpg 1656w, https:\/\/www.camping-lechampneuf.com\/wp-content\/uploads\/2023\/01\/photo30029_vue_densemble_au_parc_du_marquenterre-300x225.jpg 300w, https:\/\/www.camping-lechampneuf.com\/wp-content\/uploads\/2023\/01\/photo30029_vue_densemble_au_parc_du_marquenterre-1024x768.jpg 1024w, https:\/\/www.camping-lechampneuf.com\/wp-content\/uploads\/2023\/01\/photo30029_vue_densemble_au_parc_du_marquenterre-768x576.jpg 768w, https:\/\/www.camping-lechampneuf.com\/wp-content\/uploads\/2023\/01\/photo30029_vue_densemble_au_parc_du_marquenterre-1536x1152.jpg 1536w\" sizes=\"(max-width: 1656px) 100vw, 1656px\" \/><\/figure>\n\n\n\n<figure class=\"wp-block-image size-full\"><img width=\"1280\" height=\"853\" src=\"https:\/\/www.camping-lechampneuf.com\/wp-content\/uploads\/2023\/01\/pexels-adrien-stachowiak-13660404.jpg\" alt=\"\" class=\"wp-image-1051\" srcset=\"https:\/\/www.camping-lechampneuf.com\/wp-content\/uploads\/2023\/01\/pexels-adrien-stachowiak-13660404.jpg 1280w, https:\/\/www.camping-lechampneuf.com\/wp-content\/uploads\/2023\/01\/pexels-adrien-stachowiak-13660404-300x200.jpg 300w, https:\/\/www.camping-lechampneuf.com\/wp-content\/uploads\/2023\/01\/pexels-adrien-stachowiak-13660404-1024x682.jpg 1024w, https:\/\/www.camping-lechampneuf.com\/wp-content\/uploads\/2023\/01\/pexels-adrien-stachowiak-13660404-768x512.jpg 768w\" sizes=\"(max-width: 1280px) 100vw, 1280px\" \/><\/figure>\n\n\n\n<figure class=\"wp-block-image size-full\"><img width=\"1280\" height=\"853\" src=\"https:\/\/www.camping-lechampneuf.com\/wp-content\/uploads\/2023\/01\/pexels-kristine-javashvili-10819637.jpg\" alt=\"\" class=\"wp-image-1046\" srcset=\"https:\/\/www.camping-lechampneuf.com\/wp-content\/uploads\/2023\/01\/pexels-kristine-javashvili-10819637.jpg 1280w, https:\/\/www.camping-lechampneuf.com\/wp-content\/uploads\/2023\/01\/pexels-kristine-javashvili-10819637-300x200.jpg 300w, https:\/\/www.camping-lechampneuf.com\/wp-content\/uploads\/2023\/01\/pexels-kristine-javashvili-10819637-1024x682.jpg 1024w, https:\/\/www.camping-lechampneuf.com\/wp-content\/uploads\/2023\/01\/pexels-kristine-javashvili-10819637-768x512.jpg 768w\" sizes=\"(max-width: 1280px) 100vw, 1280px\" \/><\/figure>\n<\/figure>\n<\/div>\n<\/div>\n\n\n\n<div class=\"wp-block-columns alignfull are-vertically-aligned-center B-15\">\n<div class=\"wp-block-column is-vertically-aligned-center\" style=\"flex-basis:60%\">\n<figure class=\"wp-block-image size-large\"><img width=\"1024\" height=\"683\" src=\"https:\/\/www.camping-lechampneuf.com\/wp-content\/uploads\/2023\/01\/pexels-alexander-dummer-1364073-1-1024x683.jpg\" alt=\"\" class=\"wp-image-1123\" srcset=\"https:\/\/www.camping-lechampneuf.com\/wp-content\/uploads\/2023\/01\/pexels-alexander-dummer-1364073-1-1024x683.jpg 1024w, https:\/\/www.camping-lechampneuf.com\/wp-content\/uploads\/2023\/01\/pexels-alexander-dummer-1364073-1-300x200.jpg 300w, https:\/\/www.camping-lechampneuf.com\/wp-content\/uploads\/2023\/01\/pexels-alexander-dummer-1364073-1-768x512.jpg 768w, https:\/\/www.camping-lechampneuf.com\/wp-content\/uploads\/2023\/01\/pexels-alexander-dummer-1364073-1.jpg 1280w\" sizes=\"(max-width: 1024px) 100vw, 1024px\" \/><\/figure>\n\n\n\n<p class=\"has-text-align-right h2\" id=\"l-espace-aquatique-avec-sa-piscine-couverte-et-chauffee\">Reiten &amp; Wandern in der Umgebung<\/p>\n<\/div>\n\n\n\n<div class=\"wp-block-column is-vertically-aligned-center mob--order has-blanc-background-color has-background\">\n<p class=\"has-text-align-right titre\">Flucht<\/p>\n\n\n\n<h3 class=\"h1\" id=\"la-baie-de-somme-vous-offre-une-multitude-de-loisirs\">Die Baie de Somme bietet Ihnen eine Vielzahl von Freizeitm\u00f6glichkeiten<\/h3>\n\n\n\n<p>Um die Sch\u00f6nheit der Baie de Somme zu genie\u00dfen und ihre au\u00dfergew\u00f6hnliche Fauna und Flora zu entdecken, bieten sich die <a href=\"https:\/\/www.camping-lechampneuf.com\/randonnees-baie-de-somme\/\">\n  <strong>Wanderungen<\/strong>\n<\/a> oder <strong>Fahrradtouren<\/strong> k\u00f6nnen Sie in aller Ruhe auf den verschiedenen <strong>Radwegen<\/strong> und zahlreichen <strong>Wanderpfaden<\/strong> unterwegs sein.  <\/p>\n\n\n\n<div class=\"wp-block-group lire-plus-mobile\"><div class=\"wp-block-group__inner-container\">\n<p>Lesen Sie mehr<\/p>\n\n\n\n<div class=\"wp-container-69f4112893708 wp-block-group\"><div class=\"wp-block-group__inner-container\">\n<p>Ein Radweg befindet sich 900 m vom Campingplatz entfernt und f\u00fchrt Sie zu den sch\u00f6nen Sandstr\u00e4nden. Mehrere Wanderwege in unserem Dorf f\u00fchren Sie durch den Kiefernwald von Marquenterre zur Somme-Bucht.<\/p>\n\n\n\n<p>Die  <strong>verschiedene &#8222;Entdeckungstouren&#8220; mit dem Fahrrad<\/strong>  vom Norden bis zum S\u00fcden der Baie de Somme erm\u00f6glichen es Ihnen, auf kleinen Stra\u00dfen im Herzen des  <strong>Marquenterre<\/strong>Au\u00dferdem gibt es eine etwas untypischere Art der Entdeckung, n\u00e4mlich mit dem Zug! Die <a href=\"https:\/\/www.camping-lechampneuf.com\/de\/alentours\/eisenbahn-der-somme-bucht\/\" data-type=\"alentours\" data-id=\"1083\">Eisenbahn der Baie de Somme<\/a>, befindet sich nur wenige Kilometer vom Campingplatz entfernt und ist eine originelle Art, <strong>die Baie de Somme zu entdecken<\/strong>.<\/p>\n<\/div><\/div>\n<\/div><\/div>\n\n\n\n<div class=\"wp-container-69f4112893a12 wp-block-buttons\">\n<div class=\"wp-block-button\"><a class=\"wp-block-button__link\" href=\"https:\/\/www.camping-lechampneuf.com\/de\/wasserraum\/\"><i class=\"fa-light fa-arrow-right\"><\/i>  Entdecke den Pool<\/a><\/div>\n<\/div>\n<\/div>\n<\/div>\n\n\n\n<div class=\"wp-block-columns alignfull B-25\">\n<div class=\"wp-block-column mob--display\">\n<figure class=\"wp-block-gallery has-nested-images columns-1 is-cropped\">\n<figure class=\"wp-block-image size-large\"><img width=\"1024\" height=\"681\" src=\"https:\/\/www.camping-lechampneuf.com\/wp-content\/uploads\/2023\/01\/sea-3639431_1920-1024x681.jpg\" alt=\"\" class=\"wp-image-1055\" srcset=\"https:\/\/www.camping-lechampneuf.com\/wp-content\/uploads\/2023\/01\/sea-3639431_1920-1024x681.jpg 1024w, https:\/\/www.camping-lechampneuf.com\/wp-content\/uploads\/2023\/01\/sea-3639431_1920-300x199.jpg 300w, https:\/\/www.camping-lechampneuf.com\/wp-content\/uploads\/2023\/01\/sea-3639431_1920-768x510.jpg 768w, https:\/\/www.camping-lechampneuf.com\/wp-content\/uploads\/2023\/01\/sea-3639431_1920-1536x1021.jpg 1536w, https:\/\/www.camping-lechampneuf.com\/wp-content\/uploads\/2023\/01\/sea-3639431_1920.jpg 1920w\" sizes=\"(max-width: 1024px) 100vw, 1024px\" \/><\/figure>\n\n\n\n<figure class=\"wp-block-image size-large\"><img width=\"1024\" height=\"576\" src=\"https:\/\/www.camping-lechampneuf.com\/wp-content\/uploads\/2023\/01\/pexels-ruvim-miksanskiy-1525606-1024x576.jpg\" alt=\"\" class=\"wp-image-1131\" srcset=\"https:\/\/www.camping-lechampneuf.com\/wp-content\/uploads\/2023\/01\/pexels-ruvim-miksanskiy-1525606-1024x576.jpg 1024w, https:\/\/www.camping-lechampneuf.com\/wp-content\/uploads\/2023\/01\/pexels-ruvim-miksanskiy-1525606-300x169.jpg 300w, https:\/\/www.camping-lechampneuf.com\/wp-content\/uploads\/2023\/01\/pexels-ruvim-miksanskiy-1525606-768x432.jpg 768w, https:\/\/www.camping-lechampneuf.com\/wp-content\/uploads\/2023\/01\/pexels-ruvim-miksanskiy-1525606.jpg 1280w\" sizes=\"(max-width: 1024px) 100vw, 1024px\" \/><\/figure>\n<\/figure>\n<\/div>\n\n\n\n<div class=\"wp-block-column has-blanc-background-color has-background\">\n<p class=\"has-text-align-center titre\">Ruhe<\/p>\n\n\n\n<h3 class=\"has-text-align-center h1\" id=\"la-faune-de-la-baie-de-somme\">Die Tierwelt der Somme-Bucht<\/h3>\n\n\n\n<p class=\"has-text-align-center\">F\u00fcr Fotofreunde: Vergessen Sie Ihre Kamera nicht. Die Baie de Somme bietet Ihnen magische Landschaften. Nutzen Sie einen Aufenthalt auf unserem <strong>Campingplatz in der Bucht der Somme<\/strong>, um die \u00fcberraschende Tierwelt zu beobachten. <strong>Henson-Pferde, Seekalbsrobben und L\u00e4mmer der Salzwiesen<\/strong> geben Ihnen ein Stelldichein&#8230; Tats\u00e4chlich hat sich eine Kolonie von Seekalbsrobben in der Bucht von Somme niedergelassen.<\/p>\n\n\n\n<div class=\"wp-block-group lire-plus-pc\"><div class=\"wp-block-group__inner-container\">\n<p class=\"has-text-align-center\">Lesen Sie mehr<\/p>\n\n\n\n<div class=\"wp-container-69f4112893e55 wp-block-group\"><div class=\"wp-block-group__inner-container\">\n<p class=\"has-text-align-center\">Dieses schelmische und scheue Tier streckt seine Schnauze bei Flut in Jachth\u00e4fen auf und ruht sich bei Ebbe auf den Sandb\u00e4nken aus.<br>Als Graslandlamm ern\u00e4hrt sich das Salzwiesenlamm von der salz- und jodhaltigen Flora der Weiden in der Baie de Somme und der<strong>Authie<\/strong>&#8230;<\/p>\n\n\n\n<p class=\"has-text-align-center\">Der Henson, das Pferd der Somme-Bucht, ist ruhig, ausdauernd und gesellig. Er ist f\u00fcr seine verschiedenen Eigenschaften wie H\u00e4rte, Ausdauer, Wendigkeit und Schnelligkeit bekannt. Der<a href=\"https:\/\/www.henson.fr\/\" target=\"_blank\" rel=\"noreferrer noopener\">Henson-Reitstall<\/a>, der nur einen Katzensprung von unserem <strong>Campingplatz in St. Quentin en Tourmont<\/strong> entfernt liegt, bietet Ihnen \u00fcbrigens <strong>die M\u00f6glichkeit, die Somme-Bucht und das Marquenterre mit den Henson-Pferden zu erkunden<\/strong>.<\/p>\n<\/div><\/div>\n<\/div><\/div>\n\n\n\n<div class=\"wp-container-69f4112894154 wp-block-buttons\">\n<div class=\"wp-block-button\"><a class=\"wp-block-button__link\" href=\"https:\/\/www.camping-lechampneuf.com\/de\/dienste\/\"><i class=\"fa-light fa-arrow-right\"><\/i>  Unsere anderen Dienstleistungen<\/a><\/div>\n<\/div>\n<\/div>\n\n\n\n<div class=\"wp-block-column\">\n<figure class=\"wp-block-gallery has-nested-images columns-1 is-cropped\">\n<figure class=\"wp-block-image size-large\"><img width=\"1024\" height=\"682\" src=\"https:\/\/www.camping-lechampneuf.com\/wp-content\/uploads\/2023\/01\/pexels-milena-de-narvaez-ayllon-2889742-1024x682.jpg\" alt=\"\" class=\"wp-image-1127\" srcset=\"https:\/\/www.camping-lechampneuf.com\/wp-content\/uploads\/2023\/01\/pexels-milena-de-narvaez-ayllon-2889742-1024x682.jpg 1024w, https:\/\/www.camping-lechampneuf.com\/wp-content\/uploads\/2023\/01\/pexels-milena-de-narvaez-ayllon-2889742-300x200.jpg 300w, https:\/\/www.camping-lechampneuf.com\/wp-content\/uploads\/2023\/01\/pexels-milena-de-narvaez-ayllon-2889742-768x512.jpg 768w, https:\/\/www.camping-lechampneuf.com\/wp-content\/uploads\/2023\/01\/pexels-milena-de-narvaez-ayllon-2889742.jpg 1280w\" sizes=\"(max-width: 1024px) 100vw, 1024px\" \/><\/figure>\n\n\n\n<figure class=\"wp-block-image size-large mob--display\"><img width=\"1024\" height=\"768\" src=\"https:\/\/www.camping-lechampneuf.com\/wp-content\/uploads\/2023\/01\/pexels-dominika-roseclay-903005-1024x768.jpg\" alt=\"\" class=\"wp-image-1135\" srcset=\"https:\/\/www.camping-lechampneuf.com\/wp-content\/uploads\/2023\/01\/pexels-dominika-roseclay-903005-1024x768.jpg 1024w, https:\/\/www.camping-lechampneuf.com\/wp-content\/uploads\/2023\/01\/pexels-dominika-roseclay-903005-300x225.jpg 300w, https:\/\/www.camping-lechampneuf.com\/wp-content\/uploads\/2023\/01\/pexels-dominika-roseclay-903005-768x576.jpg 768w, https:\/\/www.camping-lechampneuf.com\/wp-content\/uploads\/2023\/01\/pexels-dominika-roseclay-903005.jpg 1280w\" sizes=\"(max-width: 1024px) 100vw, 1024px\" \/><\/figure>\n<\/figure>\n<\/div>\n<\/div>\n\n\n\n<div class=\"wp-block-columns B-05\">\n<div class=\"wp-block-column mob--opacity mob--absolute inter--opacity inter--absolute\" style=\"flex-basis:25%\">\n<figure class=\"wp-block-image size-full is-resized feuille\"><img src=\"https:\/\/www.camping-lechampneuf.com\/wp-content\/uploads\/2023\/01\/feuille-2.png\" alt=\"\" class=\"wp-image-560\" width=\"181\" height=\"294\"\/><\/figure>\n<\/div>\n\n\n\n<div class=\"wp-block-column inter--padding-06\">\n<p class=\"has-text-align-center titre\">Umgebung<\/p>\n\n\n\n<h2 class=\"has-text-align-center h1\" id=\"sejourner-au-camping-baie-de-somme-pour-decouvrir-la-region\">Aufenthalt auf dem Campingplatz Baie de Somme, um die Region zu entdecken<\/h2>\n\n\n\n<p class=\"has-text-align-center\">Um das Natur- und Kulturerbe der Region zu entdecken, haben Besucher die M\u00f6glichkeit, bequem in einer <a href=\"https:\/\/www.camping-lechampneuf.com\/de\/mobilheime-chalets\/\" data-type=\"page\" data-id=\"837\">Mietunterkunft<\/a> oder auf einem <a href=\"https:\/\/www.camping-lechampneuf.com\/emplacements\/\" data-type=\"page\" data-id=\"889\">Stellplatz<\/a> auf dem Campingplatz Le Champ Neuf zu \u00fcbernachten.  <\/p>\n\n\n\n<div class=\"wp-block-group lire-plus-mobile\"><div class=\"wp-block-group__inner-container\">\n<p class=\"has-text-align-center\">Lesen Sie mehr<\/p>\n\n\n\n<div class=\"wp-container-69f41128946c4 wp-block-group\"><div class=\"wp-block-group__inner-container\">\n<p class=\"has-text-align-center\">Dieser <strong>4-Sterne-Campingplatz in der Sommebucht<\/strong> liegt in <strong>Saint-Quentin-en-Tourmont<\/strong> und bietet eine ideale Lage, um die unumg\u00e4nglichen Sehensw\u00fcrdigkeiten der Somme wie den Parc du Marquenterre zu entdecken, aber nicht nur das! Dieser <strong>Campingplatz Baie de Somme<\/strong> profitiert n\u00e4mlich auch von der N\u00e4he zu vielen anderen interessanten Orten wie <strong>Fort-Mahon<\/strong>, <strong>Le Crotoy<\/strong>, <strong>Saint-Val\u00e9ry-sur-Somme<\/strong>, <strong>Cayeux-sur-Mer<\/strong>, etc.<\/p>\n\n\n\n<p class=\"has-text-align-center\">Um Ihre <a href=\"https:\/\/www.camping-lechampneuf.com\/de\/umgebung\/\" data-type=\"page\" data-id=\"1091\">Besuche rund um die Somme-Bucht<\/a> zu erweitern, k\u00f6nnen wir Ihnen auch andere Orte vorschlagen, wie z. B. :<\/p>\n<\/div><\/div>\n<\/div><\/div>\n\n\n\n<ul class=\"pictos centre\"><li><i class=\"fa-light fa-sun-haze\"><\/i> <a href=\"https:\/\/www.domainedumarquenterre.fr\/en\" data-type=\"URL\" data-id=\"https:\/\/www.domainedumarquenterre.fr\/en\" target=\"_blank\" rel=\"noreferrer noopener\">Die Domaine du Marquenterre<\/a><\/li><li><i class=\"fa-light fa-church\"><\/i> <a rel=\"noreferrer noopener\" href=\"http:\/\/www.abbaye-valloires.com\/\" target=\"_blank\">Die Abtei von Valloires<\/a><\/li><li><i class=\"fa-light fa-ship\"><\/i> <a rel=\"noreferrer noopener\" href=\"http:\/\/www.bateau-baie-somme.com\/\" target=\"_blank\">Die Bootsfahrt in der Somme-Bucht<\/a><\/li><li><i class=\"fa-light fa-castle\"><\/i> <a href=\"http:\/\/www.chateaufort-rambures.com\/\">Die Dom\u00e4ne des Schlosses Fort de Rambures<\/a><\/li><\/ul>\n\n\n\n<div class=\"wp-container-69f4112894a0f wp-block-buttons\">\n<div class=\"wp-block-button btn_resa\"><a class=\"wp-block-button__link\"><i class=\"fa-light fa-calendar\"><\/i>  Jetzt buchen<\/a><\/div>\n<\/div>\n<\/div>\n\n\n\n<div class=\"wp-block-column is-vertically-aligned-bottom mob--display inter--display\" style=\"flex-basis:25%\">\n<figure class=\"wp-block-image size-full feuille\"><img width=\"181\" height=\"271\" src=\"https:\/\/www.camping-lechampneuf.com\/wp-content\/uploads\/2023\/01\/feuille-1.png\" alt=\"\" class=\"wp-image-564\"\/><\/figure>\n<\/div>\n<\/div>\n","protected":false},"excerpt":{"rendered":"<p>Camping Baie de Somme: Besuchen Sie die Region Abmeldung Entdecken Sie die Orte, die Sie bei einem Campingurlaub in der Baie de Somme nicht verpassen sollten Der Park von Marquenterre Die Somme-Bucht ist eines der gro\u00dfen Durchzugsgebiete f\u00fcr Zugv\u00f6gel in Frankreich. Wasserfl\u00e4chen, S\u00fcmpfe, D\u00fcnen und Salzwiesen bilden diese Landschaft zwischen Land und Wasser. unvergesslich Die [&hellip;]<\/p>\n","protected":false},"author":1,"featured_media":0,"parent":0,"menu_order":0,"comment_status":"closed","ping_status":"closed","template":"","meta":[],"acf":[],"_links":{"self":[{"href":"https:\/\/www.camping-lechampneuf.com\/de\/wp-json\/wp\/v2\/pages\/1693"}],"collection":[{"href":"https:\/\/www.camping-lechampneuf.com\/de\/wp-json\/wp\/v2\/pages"}],"about":[{"href":"https:\/\/www.camping-lechampneuf.com\/de\/wp-json\/wp\/v2\/types\/page"}],"author":[{"embeddable":true,"href":"https:\/\/www.camping-lechampneuf.com\/de\/wp-json\/wp\/v2\/users\/1"}],"replies":[{"embeddable":true,"href":"https:\/\/www.camping-lechampneuf.com\/de\/wp-json\/wp\/v2\/comments?post=1693"}],"version-history":[{"count":6,"href":"https:\/\/www.camping-lechampneuf.com\/de\/wp-json\/wp\/v2\/pages\/1693\/revisions"}],"predecessor-version":[{"id":2518,"href":"https:\/\/www.camping-lechampneuf.com\/de\/wp-json\/wp\/v2\/pages\/1693\/revisions\/2518"}],"wp:attachment":[{"href":"https:\/\/www.camping-lechampneuf.com\/de\/wp-json\/wp\/v2\/media?parent=1693"}],"curies":[{"name":"wp","href":"https:\/\/api.w.org\/{rel}","templated":true}]}}